{"id":4135,"date":"2026-08-10T15:37:55","date_gmt":"2026-08-10T14:37:55","guid":{"rendered":"https:\/\/www.igito.it\/?page_id=4135"},"modified":"2026-09-01T03:43:24","modified_gmt":"2026-09-01T02:43:24","slug":"quaderni-di-igito","status":"publish","type":"page","link":"https:\/\/www.igito.it\/es\/pubblicazioni\/quaderni-di-igito\/","title":{"rendered":"Colecci\u00f3n \u00abQuaderni di IgiTo\u00bb"},"content":{"rendered":"<p> Desde 2026, en el marco de nuestra actividad editorial, tambi\u00e9n est\u00e1 activa la colecci\u00f3n<br \/>\n\u00abQuaderni di IgiTo\u00bb.<\/p>\n<ul>\n<li style=\"list-style-type: none;\">\n<ul>\n<li style=\"list-style-type: none;\">\n<ul>\n<li><a href=\"https:\/\/www.igito.it\/category\/quaderni-di-igito\/\"><strong>LIBROS DE LA COLECCI\u00d3N<\/strong><\/a><\/li>\n<\/ul>\n<\/li>\n<\/ul>\n<\/li>\n<\/ul>\n<p><em><strong>La Colecci\u00f3n<\/strong><\/em><\/p>\n<p>La Colecci\u00f3n nace con el objetivo de promover la investigaci\u00f3n y la difusi\u00f3n de la cultura jur\u00eddica, ofreciendo un espacio de reflexi\u00f3n sobre los principales temas de la experiencia del derecho, en sus dimensiones te\u00f3ricas, hist\u00f3ricas, comparadas y aplicadas.<\/p>\n<p>A\u00fan manteniendo la investigaci\u00f3n en el \u00e1mbito jur\u00eddico como elemento central y caracterizador, la Colecci\u00f3n pretende poner en valor una concepci\u00f3n abierta y din\u00e1mica de la investigaci\u00f3n jur\u00eddica, favoreciendo el di\u00e1logo con las dem\u00e1s ciencias humanas y sociales y, m\u00e1s en general, con los diversos saberes que contribuyen a la comprensi\u00f3n de los fen\u00f3menos jur\u00eddicamente relevantes.<\/p>\n<p>La Colecci\u00f3n acoge obras monogr\u00e1ficas, estudios colectivos, recopilaciones de ensayos, actas de congresos y otras obras cient\u00edficas que, por su originalidad y relevancia, contribuyan al desarrollo de la reflexi\u00f3n sobre temas de relevancia cient\u00edfica. Se pueden proponer trabajos de car\u00e1cter te\u00f3rico y dogm\u00e1tico, hist\u00f3rico, comparatista e interdisciplinar. La Colecci\u00f3n est\u00e1 abierta a contribuciones procedentes de estudiosos e investigadores de diversas tradiciones acad\u00e9micas y culturales, y pretende favorecer, tambi\u00e9n a trav\u00e9s de la pluralidad de lenguas de publicaci\u00f3n, el di\u00e1logo entre diferentes experiencias jur\u00eddicas y cient\u00edficas.<\/p>\n<p><strong><em>Direcci\u00f3n y Comit\u00e9 Cient\u00edfico<\/em><\/strong><\/p>\n<p>Riccardo Perona (Director)<br \/>\nL\u00e9cia Jandira Ant\u00f3nio Vicente (Washburn University, EE. UU.)<br \/>\nMaria Jos\u00e9 Cazorla Gonz\u00e1lez (Universidad de Almer\u00eda, Espa\u00f1a)<br \/>\nManuel Ignacio Feliu Rey (Universidad Carlos III de Madrid, Espa\u00f1a)<br \/>\nKozue Kashiwazaki (Department of Comparative Culture, Kanto Gakuin University, Jap\u00f3n)<br \/>\nRodrigo M\u00edguez N\u00fa\u00f1ez (Universit\u00e0 del Piemonte Orientale, Italia)<br \/>\nLucia Ruggeri (Universit\u00e0 di Camerino, Italia)<br \/>\nSara Zuccarino (Universit\u00e0 degli Studi di Cassino e del Lazio Meridionale, Italia)<br \/>\nEduardo Andr\u00e9s Velandia Canosa (Universidad La Gran Colombia, Colombia)<\/p>\n<p><strong><em>Pol\u00edtica Editorial<\/em><\/strong><\/p>\n<p>Las obras propuestas para su publicaci\u00f3n en la Colecci\u00f3n se someten a un procedimiento de evaluaci\u00f3n cient\u00edfica an\u00f3nima (evaluaci\u00f3n por pares a doble ciego \/ *double-blind peer review*), orientado a garantizar la originalidad, la calidad cient\u00edfica y la relevancia de las contribuciones publicadas.<\/p>\n<p>Los Autores interesados pueden someter su trabajo a la Direcci\u00f3n de la Colecci\u00f3n, que procede a una primera evaluaci\u00f3n de la obra, verificando su admisibilidad con respecto a los objetivos y \u00e1mbitos cient\u00edficos de la Colecci\u00f3n. En caso de resultado positivo de la evaluaci\u00f3n preliminar, el manuscrito se transmite de forma an\u00f3nima a dos revisores independientes, seleccionados en funci\u00f3n de su competencia respecto al tema tratado.<\/p>\n<p>Cada revisor emite un juicio motivado, que puede concluir con una de las siguientes evaluaciones: aceptaci\u00f3n para la publicaci\u00f3n; aceptaci\u00f3n subordinada a modificaciones o integraciones; no aceptaci\u00f3n.<br \/>\nLa publicaci\u00f3n se autoriza en presencia de dos evaluaciones favorables. Si los juicios de los revisores resultan discrepantes, la Direcci\u00f3n puede disponer el env\u00edo del manuscrito a un tercer revisor, cuyo dictamen se recabar\u00e1 a efectos de la decisi\u00f3n final.<\/p>\n<p>La Direcci\u00f3n de la Colecci\u00f3n, teniendo en cuenta la calidad cient\u00edfica de la obra y la reconocida autoridad del Autor, puede prever, en casos excepcionales y adecuadamente motivados, modalidades de evaluaci\u00f3n distintas del procedimiento ordinario, reserv\u00e1ndose el derecho de publicar obras de estudiosos de reconocido prestigio.<\/p>\n<p>Una vez concluida positivamente la evaluaci\u00f3n cient\u00edfica, el manuscrito se somete a la revisi\u00f3n editorial final, destinada a comprobar su conformidad con las normas de redacci\u00f3n y los est\u00e1ndares editoriales de la Colecci\u00f3n antes de iniciar la publicaci\u00f3n.<\/p>\n<p><em><strong>Criterios editoriales<\/strong><\/em><\/p>\n<p>La Colecci\u00f3n adopta, en lo que respecta a los aspectos de redacci\u00f3n y bibliogr\u00e1ficos, el Reglamento editorial previsto para las obras monogr\u00e1ficas publicadas fuera de colecci\u00f3n, al que se remite para la regulaci\u00f3n general de la presentaci\u00f3n y composici\u00f3n de los textos.<\/p>\n<p>En materia de citas bibliogr\u00e1ficas, el Reglamento sigue el estilo APA. Sin embargo, para las obras publicadas en la Colecci\u00f3n se aplica una modalidad espec\u00edfica de cita en el cuerpo del texto: las referencias bibliogr\u00e1ficas, en lugar de incluirse entre par\u00e9ntesis, se insertan en notas a pie de p\u00e1gina, seg\u00fan el formato abreviado:<\/p>\n<p>R. Perona (2026), p. 10.<\/p>\n<p>Las notas tambi\u00e9n pueden ser explicativas.<\/p>\n<p>La bibliograf\u00eda final conserva \u00edntegramente los criterios y el estilo APA previstos por el Reglamento editorial.<\/p>\n<p><\/p>","protected":false},"excerpt":{"rendered":"<p>Desde 2026, en el marco de nuestra actividad editorial, tambi\u00e9n est\u00e1 activa la colecci\u00f3n \u00abQuaderni di IgiTo\u00bb. LIBROS DE LA COLECCI\u00d3N La Colecci\u00f3n La Colecci\u00f3n nace con el objetivo de promover la investigaci\u00f3n y la difusi\u00f3n de la cultura jur\u00eddica, ofreciendo un espacio de reflexi\u00f3n sobre los principales temas de la experiencia del derecho, en &hellip; <a href=\"https:\/\/www.igito.it\/es\/pubblicazioni\/quaderni-di-igito\/\" class=\"more-link\">Continuar leyendo<span class=\"screen-reader-text\"> \u00abColecci\u00f3n \u00abQuaderni di IgiTo\u00bb\u00bb<\/span><\/a><\/p>\n","protected":false},"author":1,"featured_media":0,"parent":3955,"menu_order":0,"comment_status":"closed","ping_status":"closed","template":"","meta":{"footnotes":""},"class_list":["post-4135","page","type-page","status-publish","hentry"],"_links":{"self":[{"href":"https:\/\/www.igito.it\/es\/wp-json\/wp\/v2\/pages\/4135","targetHints":{"allow":["GET"]}}],"collection":[{"href":"https:\/\/www.igito.it\/es\/wp-json\/wp\/v2\/pages"}],"about":[{"href":"https:\/\/www.igito.it\/es\/wp-json\/wp\/v2\/types\/page"}],"author":[{"embeddable":true,"href":"https:\/\/www.igito.it\/es\/wp-json\/wp\/v2\/users\/1"}],"replies":[{"embeddable":true,"href":"https:\/\/www.igito.it\/es\/wp-json\/wp\/v2\/comments?post=4135"}],"version-history":[{"count":10,"href":"https:\/\/www.igito.it\/es\/wp-json\/wp\/v2\/pages\/4135\/revisions"}],"predecessor-version":[{"id":4165,"href":"https:\/\/www.igito.it\/es\/wp-json\/wp\/v2\/pages\/4135\/revisions\/4165"}],"up":[{"embeddable":true,"href":"https:\/\/www.igito.it\/es\/wp-json\/wp\/v2\/pages\/3955"}],"wp:attachment":[{"href":"https:\/\/www.igito.it\/es\/wp-json\/wp\/v2\/media?parent=4135"}],"curies":[{"name":"wp","href":"https:\/\/api.w.org\/{rel}","templated":true}]}}